{"id":860,"date":"2023-12-26T10:52:41","date_gmt":"2023-12-26T10:52:41","guid":{"rendered":"https:\/\/accelerando.media\/capsules\/dois-je-abandonner-les-spectacles-en-direct-ou-les-tournees\/"},"modified":"2024-03-25T23:20:23","modified_gmt":"2024-03-25T23:20:23","slug":"dois-je-abandonner-les-spectacles-en-direct-ou-les-tournees","status":"publish","type":"page","link":"https:\/\/accelerando.media\/fr\/capsules\/dois-je-abandonner-les-spectacles-en-direct-ou-les-tournees\/","title":{"rendered":"Dois-je abandonner les spectacles en direct ou les tourn\u00e9es ?"},"content":{"rendered":"<p>[et_pb_section fb_built=\u00a0\u00bb1&Prime; _builder_version=\u00a0\u00bb4.23&Prime; _module_preset=\u00a0\u00bbdefault\u00a0\u00bb background_color=\u00a0\u00bb#f3f5fb\u00a0\u00bb locked=\u00a0\u00bboff\u00a0\u00bb collapsed=\u00a0\u00bbon\u00a0\u00bb global_colors_info=\u00a0\u00bb{}\u00a0\u00bb][et_pb_row _builder_version=\u00a0\u00bb4.23&Prime; _module_preset=\u00a0\u00bbdefault\u00a0\u00bb global_colors_info=\u00a0\u00bb{}\u00a0\u00bb][et_pb_column type=\u00a0\u00bb4_4&Prime; _builder_version=\u00a0\u00bb4.23&Prime; _module_preset=\u00a0\u00bbdefault\u00a0\u00bb global_colors_info=\u00a0\u00bb{}\u00a0\u00bb][et_pb_text _builder_version=\u00a0\u00bb4.23&Prime; _module_preset=\u00a0\u00bbdefault\u00a0\u00bb header_font=\u00a0\u00bbInter||||||||\u00a0\u00bb header_text_align=\u00a0\u00bbleft\u00a0\u00bb header_text_color=\u00a0\u00bb#1d83ff\u00a0\u00bb header_font_size=\u00a0\u00bb50px\u00a0\u00bb global_colors_info=\u00a0\u00bb{}\u00a0\u00bb]<\/p>\n<h1>Dois-je abandonner les spectacles vivants ou les tourn\u00e9es ?<\/h1>\n<p>[\/et_pb_text][et_pb_video src=\u00a0\u00bbhttps:\/\/www.youtube.com\/watch?v=6B1_fW457LI\u00a0\u00bb _builder_version=\u00a0\u00bb4.23&Prime; _module_preset=\u00a0\u00bbdefault\u00a0\u00bb global_colors_info=\u00a0\u00bb{}\u00a0\u00bb][\/et_pb_video][et_pb_text _builder_version=\u00a0\u00bb4.23&Prime; _module_preset=\u00a0\u00bbdefault\u00a0\u00bb text_font_size=\u00a0\u00bb18px\u00a0\u00bb text_line_height=\u00a0\u00bb1.6em\u00a0\u00bb global_colors_info=\u00a0\u00bb{}\u00a0\u00bb]Ces informations vous ont-elles \u00e9t\u00e9 utiles ? Nous serions ravis d\u2019avoir vos commentaires. Cliquez ici pour nous dire ce que vous en avez pens\u00e9. [\/et_pb_text][et_pb_button button_url=\u00a0\u00bbhttps:\/\/accelerando.media\/fr\/capsules\/\u00a0\u00bb button_text=\u00a0\u00bbVoir une autre capsule\u00a0\u00bb _builder_version=\u00a0\u00bb4.24.2&Prime; _module_preset=\u00a0\u00bbdefault\u00a0\u00bb custom_button=\u00a0\u00bbon\u00a0\u00bb button_text_size=\u00a0\u00bb16px\u00a0\u00bb button_text_color=\u00a0\u00bb#FFFFFF\u00a0\u00bb button_bg_color=\u00a0\u00bb#1d83ff\u00a0\u00bb custom_padding=\u00a0\u00bb10px|25px|10px|25px|true|true\u00a0\u00bb hover_enabled=\u00a0\u00bb0&Prime; global_colors_info=\u00a0\u00bb{}\u00a0\u00bb sticky_enabled=\u00a0\u00bb0&Prime;][\/et_pb_button][\/et_pb_column][\/et_pb_row][et_pb_row column_structure=\u00a0\u00bb1_4,3_4&Prime; use_custom_gutter=\u00a0\u00bbon\u00a0\u00bb gutter_width=\u00a0\u00bb1&Prime; make_equal=\u00a0\u00bbon\u00a0\u00bb _builder_version=\u00a0\u00bb4.23&Prime; _module_preset=\u00a0\u00bbdefault\u00a0\u00bb module_alignment=\u00a0\u00bbcenter\u00a0\u00bb global_colors_info=\u00a0\u00bb{}\u00a0\u00bb][et_pb_column type=\u00a0\u00bb1_4&Prime; _builder_version=\u00a0\u00bb4.23&Prime; _module_preset=\u00a0\u00bbdefault\u00a0\u00bb global_colors_info=\u00a0\u00bb{}\u00a0\u00bb][et_pb_image src=\u00a0\u00bbhttps:\/\/accelerando.media\/wp-content\/uploads\/2023\/12\/11-8.webp\u00a0\u00bb title_text=\u00a0\u00bb11 (8)\u00a0\u00bb _builder_version=\u00a0\u00bb4.23&Prime; _module_preset=\u00a0\u00bbdefault\u00a0\u00bb global_colors_info=\u00a0\u00bb{}\u00a0\u00bb][\/et_pb_image][\/et_pb_column][et_pb_column type=\u00a0\u00bb3_4&Prime; _builder_version=\u00a0\u00bb4.23&Prime; _module_preset=\u00a0\u00bbdefault\u00a0\u00bb global_colors_info=\u00a0\u00bb{}\u00a0\u00bb][et_pb_text _builder_version=\u00a0\u00bb4.23&Prime; _module_preset=\u00a0\u00bbdefault\u00a0\u00bb text_font_size=\u00a0\u00bb18px\u00a0\u00bb text_line_height=\u00a0\u00bb1.6em\u00a0\u00bb header_2_text_align=\u00a0\u00bbcenter\u00a0\u00bb header_2_text_color=\u00a0\u00bb#1d83ff\u00a0\u00bb global_colors_info=\u00a0\u00bb{}\u00a0\u00bb]<strong>\u00c9cailles de Barbara<\/strong>[\/et_pb_text][et_pb_text _builder_version=\u00a0\u00bb4.23&Prime; _module_preset=\u00a0\u00bbdefault\u00a0\u00bb text_font_size=\u00a0\u00bb18px\u00a0\u00bb text_line_height=\u00a0\u00bb1.6em\u00a0\u00bb header_2_text_align=\u00a0\u00bbcenter\u00a0\u00bb header_2_text_color=\u00a0\u00bb#1d83ff\u00a0\u00bb global_colors_info=\u00a0\u00bb{}\u00a0\u00bb]<\/p>\n<p><em>Pr\u00e9sident, Latitude 45 Arts<\/em><\/p>\n<p><a href=\"http:\/\/latitude45arts.com\" target=\"_blank\" rel=\"noopener\">http:\/\/latitude45arts.com<\/a><\/p>\n<div id=\"comp-koalk5un1\" class=\"BaOVQ8 tz5f0K comp-koalk5un1 wixui-rich-text\" data-testid=\"richTextElement\" bis_skin_checked=\"1\">\n<p class=\"font_8 wixui-rich-text__text\"><span>Barbara Scales est la fondatrice et pr\u00e9sidente de Latitude 45 Arts Promotion, Inc., fond\u00e9e en 1981 et bas\u00e9e \u00e0 Montr\u00e9al. Elle travaille avec des artistes qui performent au plus haut niveau, faisant preuve de cr\u00e9ativit\u00e9, d\u2019engagement et de courage. Internationaliste par principe, sa compagnie repr\u00e9sente des artistes d\u2019Australie, du Japon, de Cor\u00e9e, d\u2019Iran, d\u2019Isra\u00ebl, du Mexique, d\u2019Argentine, de France, du Royaume-Uni, de Russie, d\u2019Afrique du Sud, des \u00c9tats-Unis et du Canada.<\/span><\/p>\n<p><span>Mme Scales a \u00e9tudi\u00e9 la philosophie avec un m\u00e9moire de ma\u00eetrise sur \u00ab Qu\u2019est-ce que cela signifie de dire que l\u2019art appartient \u00e0 son temps ? \u00bb La question est fondamentale pour son travail avec les musiciens cr\u00e9atifs.<\/span><\/p>\n<p><span>Originaire de New York, Barbara Scales s\u2019est install\u00e9e \u00e0 Montr\u00e9al en 1968. Depuis 2014, elle est pr\u00e9sidente du conseil d\u2019administration du Centre de musique canadienne au Qu\u00e9bec. Elle a si\u00e9g\u00e9 pendant plus de 25 ans au conseil d\u2019administration national du Centre de musique canadienne. Elle a \u00e9galement si\u00e9g\u00e9 aux conseils d\u2019administration de CINARS, NAPAMA, ISPA et a pr\u00e9sid\u00e9 la premi\u00e8re conf\u00e9rence de l\u2019IAMA en dehors de l\u2019Europe, en 2013.<\/span><\/p>\n<\/div>\n<div id=\"comp-koametif\" class=\"BaOVQ8 tz5f0K comp-koametif wixui-rich-text\" data-testid=\"richTextElement\" bis_skin_checked=\"1\">\n<p class=\"font_8 wixui-rich-text__text\">\n<\/div>\n<div id=\"comp-kokn2p6t\" class=\"comp-kokn2p6t SPY_vo\" bis_skin_checked=\"1\">\n<div data-mesh-id=\"comp-kokn2p6tinlineContent\" data-testid=\"inline-content\" class=\"\" bis_skin_checked=\"1\">\n<div data-mesh-id=\"comp-kokn2p6tinlineContent-gridContainer\" data-testid=\"mesh-container-content\" bis_skin_checked=\"1\">\n<div id=\"comp-koalk5uq\" class=\"BaOVQ8 tz5f0K comp-koalk5uq wixui-rich-text\" data-testid=\"richTextElement\" bis_skin_checked=\"1\"><\/div>\n<\/div>\n<\/div>\n<\/div>\n<p>[\/et_pb_text][\/et_pb_column][\/et_pb_row][et_pb_row _builder_version=\u00a0\u00bb4.23&Prime; _module_preset=\u00a0\u00bbdefault\u00a0\u00bb global_colors_info=\u00a0\u00bb{}\u00a0\u00bb][et_pb_column type=\u00a0\u00bb4_4&Prime; _builder_version=\u00a0\u00bb4.23&Prime; _module_preset=\u00a0\u00bbdefault\u00a0\u00bb global_colors_info=\u00a0\u00bb{}\u00a0\u00bb][et_pb_text _builder_version=\u00a0\u00bb4.23&Prime; _module_preset=\u00a0\u00bbdefault\u00a0\u00bb text_font_size=\u00a0\u00bb18px\u00a0\u00bb text_line_height=\u00a0\u00bb1.6em\u00a0\u00bb header_2_text_align=\u00a0\u00bbleft\u00a0\u00bb header_2_text_color=\u00a0\u00bb#1d83ff\u00a0\u00bb global_colors_info=\u00a0\u00bb{}\u00a0\u00bb]<\/p>\n<h2>Cr\u00e9dits<\/h2>\n<p>[\/et_pb_text][et_pb_text _builder_version=\u00a0\u00bb4.23&Prime; _module_preset=\u00a0\u00bbdefault\u00a0\u00bb text_font_size=\u00a0\u00bb18px\u00a0\u00bb text_line_height=\u00a0\u00bb1.6em\u00a0\u00bb header_2_text_align=\u00a0\u00bbcenter\u00a0\u00bb header_2_text_color=\u00a0\u00bb#1d83ff\u00a0\u00bb global_colors_info=\u00a0\u00bb{}\u00a0\u00bb]<strong>Dami\u00e1n Siqueiros,<\/strong> Productrice cr\u00e9ative, studio Terra Sapiens <a href=\"http:\/\/damiansiqueiros.com\" target=\"_blank\" rel=\"noopener\">damiansiqueiros.com<\/a><\/p>\n<p><strong>Juan David Padilla Vega,<\/strong> Directeur de la photographie <a href=\"http:\/\/youtube.com\/c\/urniatorstudio\" target=\"_blank\" rel=\"noopener\">youtube.com\/c\/urniatorstudio<\/a><\/p>\n<p><strong>Camilo Chitiva,<\/strong> Directeur de <a href=\"http:\/\/makka.ca\" target=\"_blank\" rel=\"noopener\">la photographie makka.ca<\/a><\/p>\n<p><strong>Helena Vall\u00e8s Escola,<\/strong> Sc\u00e9nario et <a href=\"http:\/\/helenavalles.com\" target=\"_blank\" rel=\"noopener\">recherche helenavalles.com<\/a><\/p>\n<p><strong>Liliana Ortiz Casas,<\/strong> \u00c9diteur vid\u00e9o <a href=\"http:\/\/liliortiz.design\" target=\"_blank\" rel=\"noopener\">liliortiz.design<\/a>[\/et_pb_text][\/et_pb_column][\/et_pb_row][\/et_pb_section]<\/p>\n","protected":false},"excerpt":{"rendered":"<p>Dois-je abandonner les spectacles vivants ou les tourn\u00e9es ?Ces informations vous ont-elles \u00e9t\u00e9 utiles ? Nous serions ravis d\u2019avoir vos commentaires. Cliquez ici pour nous dire ce que vous en avez pens\u00e9. \u00c9cailles de BarbaraPr\u00e9sident, Latitude 45 Arts http:\/\/latitude45arts.com Barbara Scales est la fondatrice et pr\u00e9sidente de Latitude 45 Arts Promotion, Inc., fond\u00e9e en 1981 [&hellip;]<\/p>\n","protected":false},"author":1,"featured_media":0,"parent":827,"menu_order":0,"comment_status":"closed","ping_status":"closed","template":"","meta":{"_et_pb_use_builder":"on","_et_pb_old_content":"","_et_gb_content_width":"","footnotes":""},"class_list":["post-860","page","type-page","status-publish","hentry"],"yoast_head":"<!-- This site is optimized with the Yoast SEO plugin v22.4 - https:\/\/yoast.com\/wordpress\/plugins\/seo\/ -->\n<title>Dois-je abandonner les spectacles en direct ou les tourn\u00e9es ? - Accelerando Media<\/title>\n<meta name=\"robots\" content=\"index, follow, max-snippet:-1, max-image-preview:large, max-video-preview:-1\" \/>\n<link rel=\"canonical\" href=\"https:\/\/accelerando.media\/fr\/capsules\/dois-je-abandonner-les-spectacles-en-direct-ou-les-tournees\/\" \/>\n<meta property=\"og:locale\" content=\"fr_CA\" \/>\n<meta property=\"og:type\" content=\"article\" \/>\n<meta property=\"og:title\" content=\"Dois-je abandonner les spectacles en direct ou les tourn\u00e9es ? - Accelerando Media\" \/>\n<meta property=\"og:url\" content=\"https:\/\/accelerando.media\/fr\/capsules\/dois-je-abandonner-les-spectacles-en-direct-ou-les-tournees\/\" \/>\n<meta property=\"og:site_name\" content=\"Accelerando Media\" \/>\n<meta property=\"article:modified_time\" content=\"2024-03-25T23:20:23+00:00\" \/>\n<meta name=\"twitter:card\" content=\"summary_large_image\" \/>\n<meta name=\"twitter:label1\" content=\"Estimation du temps de lecture\" \/>\n\t<meta name=\"twitter:data1\" content=\"4 minutes\" \/>\n<script type=\"application\/ld+json\" class=\"yoast-schema-graph\">{\"@context\":\"https:\/\/schema.org\",\"@graph\":[{\"@type\":\"WebPage\",\"@id\":\"https:\/\/accelerando.media\/fr\/capsules\/dois-je-abandonner-les-spectacles-en-direct-ou-les-tournees\/\",\"url\":\"https:\/\/accelerando.media\/fr\/capsules\/dois-je-abandonner-les-spectacles-en-direct-ou-les-tournees\/\",\"name\":\"Dois-je abandonner les spectacles en direct ou les tourn\u00e9es ? - Accelerando Media\",\"isPartOf\":{\"@id\":\"https:\/\/accelerando.media\/#website\"},\"datePublished\":\"2023-12-26T10:52:41+00:00\",\"dateModified\":\"2024-03-25T23:20:23+00:00\",\"breadcrumb\":{\"@id\":\"https:\/\/accelerando.media\/fr\/capsules\/dois-je-abandonner-les-spectacles-en-direct-ou-les-tournees\/#breadcrumb\"},\"inLanguage\":\"fr-CA\",\"potentialAction\":[{\"@type\":\"ReadAction\",\"target\":[\"https:\/\/accelerando.media\/fr\/capsules\/dois-je-abandonner-les-spectacles-en-direct-ou-les-tournees\/\"]}]},{\"@type\":\"BreadcrumbList\",\"@id\":\"https:\/\/accelerando.media\/fr\/capsules\/dois-je-abandonner-les-spectacles-en-direct-ou-les-tournees\/#breadcrumb\",\"itemListElement\":[{\"@type\":\"ListItem\",\"position\":1,\"name\":\"Home\",\"item\":\"https:\/\/accelerando.media\/fr\/\"},{\"@type\":\"ListItem\",\"position\":2,\"name\":\"Capsules\",\"item\":\"https:\/\/accelerando.media\/fr\/capsules\/\"},{\"@type\":\"ListItem\",\"position\":3,\"name\":\"Dois-je abandonner les spectacles en direct ou les tourn\u00e9es ?\"}]},{\"@type\":\"WebSite\",\"@id\":\"https:\/\/accelerando.media\/#website\",\"url\":\"https:\/\/accelerando.media\/\",\"name\":\"Accelerando Media\",\"description\":\"\",\"potentialAction\":[{\"@type\":\"SearchAction\",\"target\":{\"@type\":\"EntryPoint\",\"urlTemplate\":\"https:\/\/accelerando.media\/?s={search_term_string}\"},\"query-input\":\"required name=search_term_string\"}],\"inLanguage\":\"fr-CA\"}]}<\/script>\n<!-- \/ Yoast SEO plugin. -->","yoast_head_json":{"title":"Dois-je abandonner les spectacles en direct ou les tourn\u00e9es ? - Accelerando Media","robots":{"index":"index","follow":"follow","max-snippet":"max-snippet:-1","max-image-preview":"max-image-preview:large","max-video-preview":"max-video-preview:-1"},"canonical":"https:\/\/accelerando.media\/fr\/capsules\/dois-je-abandonner-les-spectacles-en-direct-ou-les-tournees\/","og_locale":"fr_CA","og_type":"article","og_title":"Dois-je abandonner les spectacles en direct ou les tourn\u00e9es ? - Accelerando Media","og_url":"https:\/\/accelerando.media\/fr\/capsules\/dois-je-abandonner-les-spectacles-en-direct-ou-les-tournees\/","og_site_name":"Accelerando Media","article_modified_time":"2024-03-25T23:20:23+00:00","twitter_card":"summary_large_image","twitter_misc":{"Estimation du temps de lecture":"4 minutes"},"schema":{"@context":"https:\/\/schema.org","@graph":[{"@type":"WebPage","@id":"https:\/\/accelerando.media\/fr\/capsules\/dois-je-abandonner-les-spectacles-en-direct-ou-les-tournees\/","url":"https:\/\/accelerando.media\/fr\/capsules\/dois-je-abandonner-les-spectacles-en-direct-ou-les-tournees\/","name":"Dois-je abandonner les spectacles en direct ou les tourn\u00e9es ? - Accelerando Media","isPartOf":{"@id":"https:\/\/accelerando.media\/#website"},"datePublished":"2023-12-26T10:52:41+00:00","dateModified":"2024-03-25T23:20:23+00:00","breadcrumb":{"@id":"https:\/\/accelerando.media\/fr\/capsules\/dois-je-abandonner-les-spectacles-en-direct-ou-les-tournees\/#breadcrumb"},"inLanguage":"fr-CA","potentialAction":[{"@type":"ReadAction","target":["https:\/\/accelerando.media\/fr\/capsules\/dois-je-abandonner-les-spectacles-en-direct-ou-les-tournees\/"]}]},{"@type":"BreadcrumbList","@id":"https:\/\/accelerando.media\/fr\/capsules\/dois-je-abandonner-les-spectacles-en-direct-ou-les-tournees\/#breadcrumb","itemListElement":[{"@type":"ListItem","position":1,"name":"Home","item":"https:\/\/accelerando.media\/fr\/"},{"@type":"ListItem","position":2,"name":"Capsules","item":"https:\/\/accelerando.media\/fr\/capsules\/"},{"@type":"ListItem","position":3,"name":"Dois-je abandonner les spectacles en direct ou les tourn\u00e9es ?"}]},{"@type":"WebSite","@id":"https:\/\/accelerando.media\/#website","url":"https:\/\/accelerando.media\/","name":"Accelerando Media","description":"","potentialAction":[{"@type":"SearchAction","target":{"@type":"EntryPoint","urlTemplate":"https:\/\/accelerando.media\/?s={search_term_string}"},"query-input":"required name=search_term_string"}],"inLanguage":"fr-CA"}]}},"_links":{"self":[{"href":"https:\/\/accelerando.media\/fr\/wp-json\/wp\/v2\/pages\/860","targetHints":{"allow":["GET"]}}],"collection":[{"href":"https:\/\/accelerando.media\/fr\/wp-json\/wp\/v2\/pages"}],"about":[{"href":"https:\/\/accelerando.media\/fr\/wp-json\/wp\/v2\/types\/page"}],"author":[{"embeddable":true,"href":"https:\/\/accelerando.media\/fr\/wp-json\/wp\/v2\/users\/1"}],"replies":[{"embeddable":true,"href":"https:\/\/accelerando.media\/fr\/wp-json\/wp\/v2\/comments?post=860"}],"version-history":[{"count":4,"href":"https:\/\/accelerando.media\/fr\/wp-json\/wp\/v2\/pages\/860\/revisions"}],"predecessor-version":[{"id":1198,"href":"https:\/\/accelerando.media\/fr\/wp-json\/wp\/v2\/pages\/860\/revisions\/1198"}],"up":[{"embeddable":true,"href":"https:\/\/accelerando.media\/fr\/wp-json\/wp\/v2\/pages\/827"}],"wp:attachment":[{"href":"https:\/\/accelerando.media\/fr\/wp-json\/wp\/v2\/media?parent=860"}],"curies":[{"name":"wp","href":"https:\/\/api.w.org\/{rel}","templated":true}]}}